{"id":28,"date":"2015-05-12T12:37:50","date_gmt":"2015-05-12T09:37:50","guid":{"rendered":"http:\/\/www.jasiunupagrindine.salcininkai.lm.l\/?page_id=28"},"modified":"2026-04-28T15:37:36","modified_gmt":"2026-04-28T12:37:36","slug":"kontaktai","status":"publish","type":"page","link":"http:\/\/www.jasiunupagrindine.salcininkai.lm.lt\/?page_id=28","title":{"rendered":"KONTAKTAI"},"content":{"rendered":"<p><span style=\"font-family: 'times new roman', times, serif; font-size: 12pt;\"><strong>Mokyklos pavadinimas<\/strong>&nbsp; &nbsp; &nbsp; \u0160al\u010dinink\u0173 r. Ja\u0161i\u016bn\u0173 pagrindin\u0117 mokykla<\/span><br \/>\n<span style=\"font-family: 'times new roman', times, serif; font-size: 12pt;\"><strong>Kodas<\/strong>&nbsp; &nbsp; &nbsp; &nbsp; &nbsp; &nbsp; &nbsp; &nbsp; &nbsp; &nbsp; &nbsp; &nbsp; &nbsp; &nbsp; &nbsp; &nbsp; &nbsp; &nbsp; &nbsp; 191417047<\/span><br \/>\n<span style=\"font-family: 'times new roman', times, serif;\"><strong>Adresas<\/strong>&nbsp; &nbsp; &nbsp; &nbsp; &nbsp; &nbsp; &nbsp; &nbsp; &nbsp; &nbsp; &nbsp; &nbsp; &nbsp; &nbsp; &nbsp; &nbsp; &nbsp; &nbsp;M.Balinskio g. 16., Ja\u0161i\u016bnai, \u0160al\u010dinink\u0173 r., LT-17249<\/span><br \/>\n<span style=\"font-family: 'times new roman', times, serif;\"><strong>Telefonas<\/strong>&nbsp; &nbsp; &nbsp; &nbsp; &nbsp; &nbsp; &nbsp; &nbsp; &nbsp; &nbsp; &nbsp; &nbsp; &nbsp; &nbsp; &nbsp; &nbsp; +370 380 35128<\/span><br \/>\n<span style=\"font-family: 'times new roman', times, serif;\"><strong>El. pa\u0161tas &nbsp; &nbsp; &nbsp; &nbsp; &nbsp; &nbsp; &nbsp; &nbsp; &nbsp; &nbsp; &nbsp; &nbsp; &nbsp; &nbsp; &nbsp; &nbsp;<\/strong>&nbsp;jasiunu11@gmail.com<\/span><\/p>\n<p><span style=\"font-family: 'times new roman', times, serif;\"><strong>Mokyklos internetin\u0117 svetain\u0117<\/strong> www.jasiunupagrindine.salcininkai.lm.lt<\/span><br \/>\n<span style=\"font-family: 'times new roman', times, serif;\"><strong>Mokyklos teisin\u0117&nbsp; &nbsp; &nbsp; &nbsp; &nbsp; &nbsp; &nbsp; &nbsp; &nbsp; <\/strong>savivaldyb\u0117s biud\u017eetin\u0117 \u012fstaiga,<strong><br \/>\nforma<\/strong>&nbsp; &nbsp; &nbsp; &nbsp; &nbsp; &nbsp; &nbsp; &nbsp; &nbsp; &nbsp; &nbsp; &nbsp; &nbsp; &nbsp; &nbsp; &nbsp; &nbsp; &nbsp; &nbsp; &nbsp; turinti vie\u0161ojo juridinio asmens status\u0105<\/span><br \/>\n<span style=\"font-family: 'times new roman', times, serif;\"><strong>Mokykla vykdo<\/strong>&nbsp; &nbsp; &nbsp; &nbsp; &nbsp; &nbsp; &nbsp; &nbsp; &nbsp; &nbsp; &nbsp; ikimokyklinio, pie\u0161mokyklinio, pradinio, pagrindinio ugdymo programas<\/span><br \/>\n<span style=\"font-family: 'times new roman', times, serif;\"><strong>Mokyklos tipas&nbsp; &nbsp; &nbsp; &nbsp; &nbsp; &nbsp; &nbsp; &nbsp; &nbsp; &nbsp; &nbsp; <\/strong>pagrindin\u0117<\/span><br \/>\n<span style=\"font-family: 'times new roman', times, serif;\"><strong>Mokomoji kalba<\/strong>&nbsp; &nbsp; &nbsp; &nbsp; &nbsp; &nbsp; &nbsp; &nbsp; &nbsp; &nbsp; rus\u0173 kalba<\/span><br \/>\n<span style=\"font-family: 'times new roman', times, serif;\"><strong>Mokymo forma<\/strong>&nbsp; &nbsp; &nbsp; &nbsp; &nbsp; &nbsp; &nbsp; &nbsp; &nbsp; &nbsp; &nbsp;dienin\u0117<\/span><br \/>\n<span style=\"font-family: 'times new roman', times, serif;\"><strong>Klas\u0117s<\/strong>&nbsp; &nbsp; &nbsp; &nbsp; &nbsp; &nbsp; &nbsp; &nbsp; &nbsp; &nbsp; &nbsp; &nbsp; &nbsp; &nbsp; &nbsp; &nbsp; &nbsp; &nbsp; &nbsp; &nbsp;1-10<\/span><br \/>\n<span style=\"font-family: 'times new roman', times, serif;\"><strong>Mokyklos direktor\u0117&nbsp; &nbsp; &nbsp; &nbsp; &nbsp; &nbsp; <\/strong>Ina Kurnickien\u0117<\/span><br \/>\n<span style=\"font-family: 'times new roman', times, serif;\"><strong>Direktoriaus pavaduotoja<br \/>\n<\/strong><strong>ugdymui<\/strong>&nbsp; &nbsp; &nbsp; &nbsp; &nbsp; &nbsp; &nbsp; &nbsp; &nbsp; &nbsp; &nbsp; &nbsp; &nbsp; &nbsp; &nbsp; &nbsp; &nbsp; &nbsp;\u017dana Siliuk<\/span><br \/>\n<span style=\"font-family: 'times new roman', times, serif;\"><strong>\u016akio dalies ved\u0117ja&nbsp; &nbsp; &nbsp; &nbsp; &nbsp; &nbsp; <\/strong>&nbsp; &nbsp;Viktorija Liplianskaja-\u010ceberek\u0117<strong><br \/>\n<\/strong>&nbsp; &nbsp; &nbsp; &nbsp; &nbsp; &nbsp; &nbsp; &nbsp; &nbsp; &nbsp; &nbsp; &nbsp; &nbsp; &nbsp; &nbsp; &nbsp; &nbsp; &nbsp; &nbsp; &nbsp; &nbsp;<\/span><\/p>\n<p><a href=\"http:\/\/www.jasiunupagrindine.salcininkai.lm.lt\/wp-content\/uploads\/2015\/05\/maps.jpg\"><img loading=\"lazy\" decoding=\"async\" class=\"aligncenter size-full wp-image-36\" src=\"http:\/\/www.jasiunupagrindine.salcininkai.lm.lt\/wp-content\/uploads\/2015\/05\/maps.jpg\" alt=\"maps\" width=\"719\" height=\"540\" srcset=\"http:\/\/www.jasiunupagrindine.salcininkai.lm.lt\/wp-content\/uploads\/2015\/05\/maps.jpg 719w, http:\/\/www.jasiunupagrindine.salcininkai.lm.lt\/wp-content\/uploads\/2015\/05\/maps-300x225.jpg 300w, http:\/\/www.jasiunupagrindine.salcininkai.lm.lt\/wp-content\/uploads\/2015\/05\/maps-399x300.jpg 399w\" sizes=\"auto, (max-width: 719px) 100vw, 719px\" \/><\/a><\/p>\n","protected":false},"excerpt":{"rendered":"<p>Mokyklos pavadinimas&nbsp; &nbsp; &nbsp; \u0160al\u010dinink\u0173 r. Ja\u0161i\u016bn\u0173 pagrindin\u0117 mokykla Kodas&nbsp; &nbsp; &nbsp; &nbsp; &nbsp; &nbsp; &nbsp; &nbsp; &nbsp; &nbsp; &nbsp; &nbsp; &nbsp; &nbsp; &nbsp; &nbsp; &nbsp; &nbsp; &nbsp; 191417047 Adresas&nbsp; &nbsp; &nbsp; &nbsp; &nbsp; &nbsp; &nbsp; &nbsp; &nbsp; &nbsp; &nbsp; &hellip; <a href=\"http:\/\/www.jasiunupagrindine.salcininkai.lm.lt\/?page_id=28\">Skaitykite toliau <span class=\"meta-nav\">&rarr;<\/span><\/a><\/p>\n","protected":false},"author":6,"featured_media":0,"parent":0,"menu_order":0,"comment_status":"open","ping_status":"closed","template":"","meta":{"ngg_post_thumbnail":0,"footnotes":""},"class_list":["post-28","page","type-page","status-publish","hentry"],"_links":{"self":[{"href":"http:\/\/www.jasiunupagrindine.salcininkai.lm.lt\/index.php?rest_route=\/wp\/v2\/pages\/28","targetHints":{"allow":["GET"]}}],"collection":[{"href":"http:\/\/www.jasiunupagrindine.salcininkai.lm.lt\/index.php?rest_route=\/wp\/v2\/pages"}],"about":[{"href":"http:\/\/www.jasiunupagrindine.salcininkai.lm.lt\/index.php?rest_route=\/wp\/v2\/types\/page"}],"author":[{"embeddable":true,"href":"http:\/\/www.jasiunupagrindine.salcininkai.lm.lt\/index.php?rest_route=\/wp\/v2\/users\/6"}],"replies":[{"embeddable":true,"href":"http:\/\/www.jasiunupagrindine.salcininkai.lm.lt\/index.php?rest_route=%2Fwp%2Fv2%2Fcomments&post=28"}],"version-history":[{"count":14,"href":"http:\/\/www.jasiunupagrindine.salcininkai.lm.lt\/index.php?rest_route=\/wp\/v2\/pages\/28\/revisions"}],"predecessor-version":[{"id":24450,"href":"http:\/\/www.jasiunupagrindine.salcininkai.lm.lt\/index.php?rest_route=\/wp\/v2\/pages\/28\/revisions\/24450"}],"wp:attachment":[{"href":"http:\/\/www.jasiunupagrindine.salcininkai.lm.lt\/index.php?rest_route=%2Fwp%2Fv2%2Fmedia&parent=28"}],"curies":[{"name":"wp","href":"https:\/\/api.w.org\/{rel}","templated":true}]}}